{"id":1282,"date":"2024-03-17T10:16:55","date_gmt":"2024-03-17T09:16:55","guid":{"rendered":"https:\/\/dev.fletc.fr\/?page_id=1282"},"modified":"2024-07-08T11:42:06","modified_gmt":"2024-07-08T09:42:06","slug":"f-a-q","status":"publish","type":"page","link":"https:\/\/dev.fletc.fr\/index.php\/f-a-q\/","title":{"rendered":"F.A.Q."},"content":{"rendered":"\t\t<div data-elementor-type=\"wp-page\" data-elementor-id=\"1282\" class=\"elementor elementor-1282\">\n\t\t\t\t\t\t<section class=\"elementor-section elementor-top-section elementor-element elementor-element-568475a elementor-section-boxed elementor-section-height-default elementor-section-height-default\" data-id=\"568475a\" data-element_type=\"section\">\n\t\t\t\t\t\t<div class=\"elementor-container elementor-column-gap-default\">\n\t\t\t\t\t<div class=\"elementor-column elementor-col-100 elementor-top-column elementor-element elementor-element-834e22d\" data-id=\"834e22d\" data-element_type=\"column\">\n\t\t\t<div class=\"elementor-widget-wrap elementor-element-populated\">\n\t\t\t\t\t\t<div class=\"elementor-element elementor-element-b1ac26d elementor-widget elementor-widget-heading\" data-id=\"b1ac26d\" data-element_type=\"widget\" data-widget_type=\"heading.default\">\n\t\t\t\t<div class=\"elementor-widget-container\">\n\t\t\t\t\t<h2 class=\"elementor-heading-title elementor-size-default\">Formation<\/h2>\t\t\t\t<\/div>\n\t\t\t\t<\/div>\n\t\t\t\t<div class=\"elementor-element elementor-element-eaf1c02 elementor-widget elementor-widget-spacer\" data-id=\"eaf1c02\" data-element_type=\"widget\" data-widget_type=\"spacer.default\">\n\t\t\t\t<div class=\"elementor-widget-container\">\n\t\t\t\t\t\t\t<div class=\"elementor-spacer\">\n\t\t\t<div class=\"elementor-spacer-inner\"><\/div>\n\t\t<\/div>\n\t\t\t\t\t\t<\/div>\n\t\t\t\t<\/div>\n\t\t\t\t\t<\/div>\n\t\t<\/div>\n\t\t\t\t\t<\/div>\n\t\t<\/section>\n\t\t\t\t<section class=\"elementor-section elementor-top-section elementor-element elementor-element-e0d02b6 elementor-section-boxed elementor-section-height-default elementor-section-height-default\" data-id=\"e0d02b6\" data-element_type=\"section\">\n\t\t\t\t\t\t<div class=\"elementor-container elementor-column-gap-default\">\n\t\t\t\t\t<div class=\"elementor-column elementor-col-100 elementor-top-column elementor-element elementor-element-3e989e4\" data-id=\"3e989e4\" data-element_type=\"column\">\n\t\t\t<div class=\"elementor-widget-wrap elementor-element-populated\">\n\t\t\t\t\t\t<div class=\"elementor-element elementor-element-f6a2367 elementor-widget elementor-widget-accordion\" data-id=\"f6a2367\" data-element_type=\"widget\" data-widget_type=\"accordion.default\">\n\t\t\t\t<div class=\"elementor-widget-container\">\n\t\t\t\t\t\t\t<div class=\"elementor-accordion\">\n\t\t\t\t\t\t\t<div class=\"elementor-accordion-item\">\n\t\t\t\t\t<div id=\"elementor-tab-title-2581\" class=\"elementor-tab-title\" data-tab=\"1\" role=\"button\" aria-controls=\"elementor-tab-content-2581\" aria-expanded=\"false\">\n\t\t\t\t\t\t\t\t\t\t\t\t\t<span class=\"elementor-accordion-icon elementor-accordion-icon-left\" aria-hidden=\"true\">\n\t\t\t\t\t\t\t\t\t\t\t\t\t\t\t<span class=\"elementor-accordion-icon-closed\"><i class=\"fas fa-angle-double-down\"><\/i><\/span>\n\t\t\t\t\t\t\t\t<span class=\"elementor-accordion-icon-opened\"><i class=\"fas fa-caret-up\"><\/i><\/span>\n\t\t\t\t\t\t\t\t\t\t\t\t\t\t<\/span>\n\t\t\t\t\t\t\t\t\t\t\t\t<a class=\"elementor-accordion-title\" tabindex=\"0\">Puis-je suivre la formation tout en ayant une activit\u00e9 salari\u00e9e ?<\/a>\n\t\t\t\t\t<\/div>\n\t\t\t\t\t<div id=\"elementor-tab-content-2581\" class=\"elementor-tab-content elementor-clearfix\" data-tab=\"1\" role=\"region\" aria-labelledby=\"elementor-tab-title-2581\"><p>Oui, \u00e9tant donn\u00e9 que nos cours sont dispens\u00e9s les week-end, nos formations sont parfaitement compatibles avec une activit\u00e9 salari\u00e9e \u00e0 temps plein. La majorit\u00e9 de nos apprenants ont une activit\u00e9 salari\u00e9e en parall\u00e8le de nos formations. Toutefois nos formations n\u00e9cessitent un certain investissement personnel estim\u00e9 \u00e0 7h par semaine. Par ailleurs, il est possible de suivre certaines formation \u00e0 distance.<\/p><\/div>\n\t\t\t\t<\/div>\n\t\t\t\t\t\t\t<div class=\"elementor-accordion-item\">\n\t\t\t\t\t<div id=\"elementor-tab-title-2582\" class=\"elementor-tab-title\" data-tab=\"2\" role=\"button\" aria-controls=\"elementor-tab-content-2582\" aria-expanded=\"false\">\n\t\t\t\t\t\t\t\t\t\t\t\t\t<span class=\"elementor-accordion-icon elementor-accordion-icon-left\" aria-hidden=\"true\">\n\t\t\t\t\t\t\t\t\t\t\t\t\t\t\t<span class=\"elementor-accordion-icon-closed\"><i class=\"fas fa-angle-double-down\"><\/i><\/span>\n\t\t\t\t\t\t\t\t<span class=\"elementor-accordion-icon-opened\"><i class=\"fas fa-caret-up\"><\/i><\/span>\n\t\t\t\t\t\t\t\t\t\t\t\t\t\t<\/span>\n\t\t\t\t\t\t\t\t\t\t\t\t<a class=\"elementor-accordion-title\" tabindex=\"0\">J'ai d\u00e9j\u00e0 suivi une formation en MTC, dois-je recommencer \u00e0 0 ?<\/a>\n\t\t\t\t\t<\/div>\n\t\t\t\t\t<div id=\"elementor-tab-content-2582\" class=\"elementor-tab-content elementor-clearfix\" data-tab=\"2\" role=\"region\" aria-labelledby=\"elementor-tab-title-2582\"><p>Vous avez d\u00e9j\u00e0 suivi une formation en MTC et souhaitez int\u00e9grer un niveau sp\u00e9cifique ? C&rsquo;est effectivement possible. Toutefois, d&rsquo;un centre de formation \u00e0 un autre les programmes sont tr\u00e8s diff\u00e9rents. Pour \u00e9tudier votre demande\/projet, nous avons besoin des programmes d\u00e9taill\u00e9s des formations suivis dans d&rsquo;autres centres et des attestations obtenues. Il y aura ensuite un test d&rsquo;entr\u00e9e \u00e0 passer puis un rendez-vous p\u00e9dagogique afin de d\u00e9terminer le niveau le plus adapt\u00e9 \u00e0 vos besoins et \u00e0 votre projet.<\/p><\/div>\n\t\t\t\t<\/div>\n\t\t\t\t\t\t\t<div class=\"elementor-accordion-item\">\n\t\t\t\t\t<div id=\"elementor-tab-title-2583\" class=\"elementor-tab-title\" data-tab=\"3\" role=\"button\" aria-controls=\"elementor-tab-content-2583\" aria-expanded=\"false\">\n\t\t\t\t\t\t\t\t\t\t\t\t\t<span class=\"elementor-accordion-icon elementor-accordion-icon-left\" aria-hidden=\"true\">\n\t\t\t\t\t\t\t\t\t\t\t\t\t\t\t<span class=\"elementor-accordion-icon-closed\"><i class=\"fas fa-angle-double-down\"><\/i><\/span>\n\t\t\t\t\t\t\t\t<span class=\"elementor-accordion-icon-opened\"><i class=\"fas fa-caret-up\"><\/i><\/span>\n\t\t\t\t\t\t\t\t\t\t\t\t\t\t<\/span>\n\t\t\t\t\t\t\t\t\t\t\t\t<a class=\"elementor-accordion-title\" tabindex=\"0\">Quand peut-on s'inscrire ?<\/a>\n\t\t\t\t\t<\/div>\n\t\t\t\t\t<div id=\"elementor-tab-content-2583\" class=\"elementor-tab-content elementor-clearfix\" data-tab=\"3\" role=\"region\" aria-labelledby=\"elementor-tab-title-2583\"><p>Les inscriptions se font d&rsquo;avril \u00e0 d\u00e9cembre de l&rsquo;ann\u00e9e N pour une session de septembre (ann\u00e9e N) \u00e0 juillet (ann\u00e9e N+1)<\/p><p>Par exemple : pour la session de septembre 2024 \u00e0 juillet 2025, vous pouvez vous inscrire entre avril 2024 \u00e0 d\u00e9cembre 2024.<\/p><p>A noter que si vous vous inscrivez apr\u00e8s la rentr\u00e9e il vous faudra rattraper les cours d\u00e9j\u00e0 pass\u00e9s, aussi bien en terme d&rsquo;apprentissage que de r\u00e8glement.<\/p><p>Les bulletins d&rsquo;inscription \u00e0 renvoyer au secr\u00e9tariat sont disponibles sur <a href=\"https:\/\/dev.fletc.fr\/index.php\/nos-formations-en-energetique-traditionnelle-chinoise-etc\/\">la page r\u00e9capitulative de nos formations<\/a> en cliquant sur le bouton s&rsquo;inscrire.\u00a0<\/p><\/div>\n\t\t\t\t<\/div>\n\t\t\t\t\t\t\t<div class=\"elementor-accordion-item\">\n\t\t\t\t\t<div id=\"elementor-tab-title-2584\" class=\"elementor-tab-title\" data-tab=\"4\" role=\"button\" aria-controls=\"elementor-tab-content-2584\" aria-expanded=\"false\">\n\t\t\t\t\t\t\t\t\t\t\t\t\t<span class=\"elementor-accordion-icon elementor-accordion-icon-left\" aria-hidden=\"true\">\n\t\t\t\t\t\t\t\t\t\t\t\t\t\t\t<span class=\"elementor-accordion-icon-closed\"><i class=\"fas fa-angle-double-down\"><\/i><\/span>\n\t\t\t\t\t\t\t\t<span class=\"elementor-accordion-icon-opened\"><i class=\"fas fa-caret-up\"><\/i><\/span>\n\t\t\t\t\t\t\t\t\t\t\t\t\t\t<\/span>\n\t\t\t\t\t\t\t\t\t\t\t\t<a class=\"elementor-accordion-title\" tabindex=\"0\">Est-il possible de se faire financer la formation ?<\/a>\n\t\t\t\t\t<\/div>\n\t\t\t\t\t<div id=\"elementor-tab-content-2584\" class=\"elementor-tab-content elementor-clearfix\" data-tab=\"4\" role=\"region\" aria-labelledby=\"elementor-tab-title-2584\"><p>En effet nos certification Qualiopi et Certif&rsquo;R\u00e9gion permettent \u00e0 certains \u00e9tudiants de b\u00e9n\u00e9ficier de financement de formation sous certaines conditions et en fonction de leur situation personnelle.\u00a0<\/p><p>Vous trouverez toutes les informations sur <a href=\"https:\/\/dev.fletc.fr\/index.php\/les-prises-en-charge-formations\/\">cette page d\u00e9di\u00e9e aux prise en charge<\/a>.\u00a0<\/p><\/div>\n\t\t\t\t<\/div>\n\t\t\t\t\t\t\t<div class=\"elementor-accordion-item\">\n\t\t\t\t\t<div id=\"elementor-tab-title-2585\" class=\"elementor-tab-title\" data-tab=\"5\" role=\"button\" aria-controls=\"elementor-tab-content-2585\" aria-expanded=\"false\">\n\t\t\t\t\t\t\t\t\t\t\t\t\t<span class=\"elementor-accordion-icon elementor-accordion-icon-left\" aria-hidden=\"true\">\n\t\t\t\t\t\t\t\t\t\t\t\t\t\t\t<span class=\"elementor-accordion-icon-closed\"><i class=\"fas fa-angle-double-down\"><\/i><\/span>\n\t\t\t\t\t\t\t\t<span class=\"elementor-accordion-icon-opened\"><i class=\"fas fa-caret-up\"><\/i><\/span>\n\t\t\t\t\t\t\t\t\t\t\t\t\t\t<\/span>\n\t\t\t\t\t\t\t\t\t\t\t\t<a class=\"elementor-accordion-title\" tabindex=\"0\">Quels sont les pr\u00e9requis pour s'inscrire en formation ?<\/a>\n\t\t\t\t\t<\/div>\n\t\t\t\t\t<div id=\"elementor-tab-content-2585\" class=\"elementor-tab-content elementor-clearfix\" data-tab=\"5\" role=\"region\" aria-labelledby=\"elementor-tab-title-2585\"><p>Pour suivre nos formation il faut \u00eatre majeur et poss\u00e9der un niveau BAC, ma\u00eetriser de la langue fran\u00e7aise orale et \u00e9crite et poss\u00e9der un mat\u00e9riel informatique ad\u00e9quat et une connexion internet.\u00a0<\/p><\/div>\n\t\t\t\t<\/div>\n\t\t\t\t\t\t\t<div class=\"elementor-accordion-item\">\n\t\t\t\t\t<div id=\"elementor-tab-title-2586\" class=\"elementor-tab-title\" data-tab=\"6\" role=\"button\" aria-controls=\"elementor-tab-content-2586\" aria-expanded=\"false\">\n\t\t\t\t\t\t\t\t\t\t\t\t\t<span class=\"elementor-accordion-icon elementor-accordion-icon-left\" aria-hidden=\"true\">\n\t\t\t\t\t\t\t\t\t\t\t\t\t\t\t<span class=\"elementor-accordion-icon-closed\"><i class=\"fas fa-angle-double-down\"><\/i><\/span>\n\t\t\t\t\t\t\t\t<span class=\"elementor-accordion-icon-opened\"><i class=\"fas fa-caret-up\"><\/i><\/span>\n\t\t\t\t\t\t\t\t\t\t\t\t\t\t<\/span>\n\t\t\t\t\t\t\t\t\t\t\t\t<a class=\"elementor-accordion-title\" tabindex=\"0\">Puis-je suivre la formation depuis l'\u00e9tranger ?<\/a>\n\t\t\t\t\t<\/div>\n\t\t\t\t\t<div id=\"elementor-tab-content-2586\" class=\"elementor-tab-content elementor-clearfix\" data-tab=\"6\" role=\"region\" aria-labelledby=\"elementor-tab-title-2586\"><p>Certaines de nos formations sont r\u00e9alisables \u00e0 distance. Il s&rsquo;agit de :<\/p><ul><li>Th\u00e9orie fondamentale niveau 1 (1 an, pr\u00e9requis obligatoire pour les branches professionnelles)<\/li><li>Th\u00e9orie fondamentale niveau 2 (1 an, pr\u00e9requis obligatoire pour les branches professionnelles)<\/li><li>Branche professionnelle : Pharmacop\u00e9e<\/li><\/ul><p><strong>Les branches professionnelles Acupuncture et Tuina ne peuvent se r\u00e9aliser qu&rsquo;en pr\u00e9sentiel.\u00a0<\/strong><\/p><p><a href=\"https:\/\/dev.fletc.fr\/index.php\/nos-formations-en-energetique-traditionnelle-chinoise-etc\/\">+ d&rsquo;informations sur le distanciel<\/a><\/p><\/div>\n\t\t\t\t<\/div>\n\t\t\t\t\t\t\t\t\t\t<script type=\"application\/ld+json\">{\"@context\":\"https:\\\/\\\/schema.org\",\"@type\":\"FAQPage\",\"mainEntity\":[{\"@type\":\"Question\",\"name\":\"Puis-je suivre la formation tout en ayant une activit\\u00e9 salari\\u00e9e ?\",\"acceptedAnswer\":{\"@type\":\"Answer\",\"text\":\"<p>Oui, \\u00e9tant donn\\u00e9 que nos cours sont dispens\\u00e9s les week-end, nos formations sont parfaitement compatibles avec une activit\\u00e9 salari\\u00e9e \\u00e0 temps plein. La majorit\\u00e9 de nos apprenants ont une activit\\u00e9 salari\\u00e9e en parall\\u00e8le de nos formations. Toutefois nos formations n\\u00e9cessitent un certain investissement personnel estim\\u00e9 \\u00e0 7h par semaine. Par ailleurs, il est possible de suivre certaines formation \\u00e0 distance.<\\\/p>\"}},{\"@type\":\"Question\",\"name\":\"J'ai d\\u00e9j\\u00e0 suivi une formation en MTC, dois-je recommencer \\u00e0 0 ?\",\"acceptedAnswer\":{\"@type\":\"Answer\",\"text\":\"<p>Vous avez d\\u00e9j\\u00e0 suivi une formation en MTC et souhaitez int\\u00e9grer un niveau sp\\u00e9cifique ? C&rsquo;est effectivement possible. Toutefois, d&rsquo;un centre de formation \\u00e0 un autre les programmes sont tr\\u00e8s diff\\u00e9rents. Pour \\u00e9tudier votre demande\\\/projet, nous avons besoin des programmes d\\u00e9taill\\u00e9s des formations suivis dans d&rsquo;autres centres et des attestations obtenues. Il y aura ensuite un test d&rsquo;entr\\u00e9e \\u00e0 passer puis un rendez-vous p\\u00e9dagogique afin de d\\u00e9terminer le niveau le plus adapt\\u00e9 \\u00e0 vos besoins et \\u00e0 votre projet.<\\\/p>\"}},{\"@type\":\"Question\",\"name\":\"Quand peut-on s'inscrire ?\",\"acceptedAnswer\":{\"@type\":\"Answer\",\"text\":\"<p>Les inscriptions se font d&rsquo;avril \\u00e0 d\\u00e9cembre de l&rsquo;ann\\u00e9e N pour une session de septembre (ann\\u00e9e N) \\u00e0 juillet (ann\\u00e9e N+1)<\\\/p><p>Par exemple : pour la session de septembre 2024 \\u00e0 juillet 2025, vous pouvez vous inscrire entre avril 2024 \\u00e0 d\\u00e9cembre 2024.<\\\/p><p>A noter que si vous vous inscrivez apr\\u00e8s la rentr\\u00e9e il vous faudra rattraper les cours d\\u00e9j\\u00e0 pass\\u00e9s, aussi bien en terme d&rsquo;apprentissage que de r\\u00e8glement.<\\\/p><p>Les bulletins d&rsquo;inscription \\u00e0 renvoyer au secr\\u00e9tariat sont disponibles sur <a href=\\\"https:\\\/\\\/dev.fletc.fr\\\/index.php\\\/nos-formations-en-energetique-traditionnelle-chinoise-etc\\\/\\\">la page r\\u00e9capitulative de nos formations<\\\/a> en cliquant sur le bouton s&rsquo;inscrire.\\u00a0<\\\/p>\"}},{\"@type\":\"Question\",\"name\":\"Est-il possible de se faire financer la formation ?\",\"acceptedAnswer\":{\"@type\":\"Answer\",\"text\":\"<p>En effet nos certification Qualiopi et Certif&rsquo;R\\u00e9gion permettent \\u00e0 certains \\u00e9tudiants de b\\u00e9n\\u00e9ficier de financement de formation sous certaines conditions et en fonction de leur situation personnelle.\\u00a0<\\\/p><p>Vous trouverez toutes les informations sur <a href=\\\"https:\\\/\\\/dev.fletc.fr\\\/index.php\\\/les-prises-en-charge-formations\\\/\\\">cette page d\\u00e9di\\u00e9e aux prise en charge<\\\/a>.\\u00a0<\\\/p>\"}},{\"@type\":\"Question\",\"name\":\"Quels sont les pr\\u00e9requis pour s'inscrire en formation ?\",\"acceptedAnswer\":{\"@type\":\"Answer\",\"text\":\"<p>Pour suivre nos formation il faut \\u00eatre majeur et poss\\u00e9der un niveau BAC, ma\\u00eetriser de la langue fran\\u00e7aise orale et \\u00e9crite et poss\\u00e9der un mat\\u00e9riel informatique ad\\u00e9quat et une connexion internet.\\u00a0<\\\/p>\"}},{\"@type\":\"Question\",\"name\":\"Puis-je suivre la formation depuis l'\\u00e9tranger ?\",\"acceptedAnswer\":{\"@type\":\"Answer\",\"text\":\"<p>Certaines de nos formations sont r\\u00e9alisables \\u00e0 distance. Il s&rsquo;agit de :<\\\/p><ul><li>Th\\u00e9orie fondamentale niveau 1 (1 an, pr\\u00e9requis obligatoire pour les branches professionnelles)<\\\/li><li>Th\\u00e9orie fondamentale niveau 2 (1 an, pr\\u00e9requis obligatoire pour les branches professionnelles)<\\\/li><li>Branche professionnelle : Pharmacop\\u00e9e<\\\/li><\\\/ul><p><strong>Les branches professionnelles Acupuncture et Tuina ne peuvent se r\\u00e9aliser qu&rsquo;en pr\\u00e9sentiel.\\u00a0<\\\/strong><\\\/p><p><a href=\\\"https:\\\/\\\/dev.fletc.fr\\\/index.php\\\/nos-formations-en-energetique-traditionnelle-chinoise-etc\\\/\\\">+ d&rsquo;informations sur le distanciel<\\\/a><\\\/p>\"}}]}<\/script>\n\t\t\t\t\t<\/div>\n\t\t\t\t\t\t<\/div>\n\t\t\t\t<\/div>\n\t\t\t\t<div class=\"elementor-element elementor-element-4c043d5 elementor-widget elementor-widget-spacer\" data-id=\"4c043d5\" data-element_type=\"widget\" data-widget_type=\"spacer.default\">\n\t\t\t\t<div class=\"elementor-widget-container\">\n\t\t\t\t\t\t\t<div class=\"elementor-spacer\">\n\t\t\t<div class=\"elementor-spacer-inner\"><\/div>\n\t\t<\/div>\n\t\t\t\t\t\t<\/div>\n\t\t\t\t<\/div>\n\t\t\t\t\t<\/div>\n\t\t<\/div>\n\t\t\t\t\t<\/div>\n\t\t<\/section>\n\t\t\t\t<section class=\"elementor-section elementor-top-section elementor-element elementor-element-2ce3c63 elementor-section-boxed elementor-section-height-default elementor-section-height-default\" data-id=\"2ce3c63\" data-element_type=\"section\">\n\t\t\t\t\t\t<div class=\"elementor-container elementor-column-gap-default\">\n\t\t\t\t\t<div class=\"elementor-column elementor-col-100 elementor-top-column elementor-element elementor-element-b2b7c62\" data-id=\"b2b7c62\" data-element_type=\"column\">\n\t\t\t<div class=\"elementor-widget-wrap elementor-element-populated\">\n\t\t\t\t\t\t<div class=\"elementor-element elementor-element-99506a0 elementor-widget elementor-widget-heading\" data-id=\"99506a0\" data-element_type=\"widget\" data-widget_type=\"heading.default\">\n\t\t\t\t<div class=\"elementor-widget-container\">\n\t\t\t\t\t<h2 class=\"elementor-heading-title elementor-size-default\">Comptabilit\u00e9 \/ Finances<\/h2>\t\t\t\t<\/div>\n\t\t\t\t<\/div>\n\t\t\t\t<div class=\"elementor-element elementor-element-0ee5e04 elementor-widget elementor-widget-spacer\" data-id=\"0ee5e04\" data-element_type=\"widget\" data-widget_type=\"spacer.default\">\n\t\t\t\t<div class=\"elementor-widget-container\">\n\t\t\t\t\t\t\t<div class=\"elementor-spacer\">\n\t\t\t<div class=\"elementor-spacer-inner\"><\/div>\n\t\t<\/div>\n\t\t\t\t\t\t<\/div>\n\t\t\t\t<\/div>\n\t\t\t\t\t<\/div>\n\t\t<\/div>\n\t\t\t\t\t<\/div>\n\t\t<\/section>\n\t\t\t\t<section class=\"elementor-section elementor-top-section elementor-element elementor-element-79d8553 elementor-section-boxed elementor-section-height-default elementor-section-height-default\" data-id=\"79d8553\" data-element_type=\"section\">\n\t\t\t\t\t\t<div class=\"elementor-container elementor-column-gap-default\">\n\t\t\t\t\t<div class=\"elementor-column elementor-col-100 elementor-top-column elementor-element elementor-element-7630ddf\" data-id=\"7630ddf\" data-element_type=\"column\">\n\t\t\t<div class=\"elementor-widget-wrap elementor-element-populated\">\n\t\t\t\t\t\t<div class=\"elementor-element elementor-element-8131a11 elementor-widget elementor-widget-accordion\" data-id=\"8131a11\" data-element_type=\"widget\" data-widget_type=\"accordion.default\">\n\t\t\t\t<div class=\"elementor-widget-container\">\n\t\t\t\t\t\t\t<div class=\"elementor-accordion\">\n\t\t\t\t\t\t\t<div class=\"elementor-accordion-item\">\n\t\t\t\t\t<div id=\"elementor-tab-title-1351\" class=\"elementor-tab-title\" data-tab=\"1\" role=\"button\" aria-controls=\"elementor-tab-content-1351\" aria-expanded=\"false\">\n\t\t\t\t\t\t\t\t\t\t\t\t\t<span class=\"elementor-accordion-icon elementor-accordion-icon-left\" aria-hidden=\"true\">\n\t\t\t\t\t\t\t\t\t\t\t\t\t\t\t<span class=\"elementor-accordion-icon-closed\"><i class=\"fas fa-angle-double-down\"><\/i><\/span>\n\t\t\t\t\t\t\t\t<span class=\"elementor-accordion-icon-opened\"><i class=\"fas fa-caret-up\"><\/i><\/span>\n\t\t\t\t\t\t\t\t\t\t\t\t\t\t<\/span>\n\t\t\t\t\t\t\t\t\t\t\t\t<a class=\"elementor-accordion-title\" tabindex=\"0\">Puis-je r\u00e9gler la formation en plusieurs fois ?<\/a>\n\t\t\t\t\t<\/div>\n\t\t\t\t\t<div id=\"elementor-tab-content-1351\" class=\"elementor-tab-content elementor-clearfix\" data-tab=\"1\" role=\"region\" aria-labelledby=\"elementor-tab-title-1351\"><p>En effet vous pouvez r\u00e9gler la formation en 10 fois sans frais par virement ou pr\u00e9l\u00e8vement uniquement. Les r\u00e8glements se font tous les 15 du mois du 15 septembre au 15 juin. Si vous vous inscrivez apr\u00e8s le 15 septembre les premi\u00e8res mensualit\u00e9s sont dues au d\u00e9marrage de la formation.\u00a0<\/p>\n<p>Par exemple : Vous d\u00e9marrez la formation au 19 octobre. Vous devrez r\u00e9gler les frais d&rsquo;inscription + la mensualit\u00e9 du 15 septembre + la mensualit\u00e9 du 15 octobre.<\/p><\/div>\n\t\t\t\t<\/div>\n\t\t\t\t\t\t\t<div class=\"elementor-accordion-item\">\n\t\t\t\t\t<div id=\"elementor-tab-title-1352\" class=\"elementor-tab-title\" data-tab=\"2\" role=\"button\" aria-controls=\"elementor-tab-content-1352\" aria-expanded=\"false\">\n\t\t\t\t\t\t\t\t\t\t\t\t\t<span class=\"elementor-accordion-icon elementor-accordion-icon-left\" aria-hidden=\"true\">\n\t\t\t\t\t\t\t\t\t\t\t\t\t\t\t<span class=\"elementor-accordion-icon-closed\"><i class=\"fas fa-angle-double-down\"><\/i><\/span>\n\t\t\t\t\t\t\t\t<span class=\"elementor-accordion-icon-opened\"><i class=\"fas fa-caret-up\"><\/i><\/span>\n\t\t\t\t\t\t\t\t\t\t\t\t\t\t<\/span>\n\t\t\t\t\t\t\t\t\t\t\t\t<a class=\"elementor-accordion-title\" tabindex=\"0\">Quels sont les moyens de paiement accept\u00e9s<\/a>\n\t\t\t\t\t<\/div>\n\t\t\t\t\t<div id=\"elementor-tab-content-1352\" class=\"elementor-tab-content elementor-clearfix\" data-tab=\"2\" role=\"region\" aria-labelledby=\"elementor-tab-title-1352\"><p>Nous acceptons les r\u00e8glements par ch\u00e8que, esp\u00e8ce, carte bancaire, virement et pr\u00e9l\u00e8vement automatique. Se r\u00e9f\u00e9rer au bulletin d&rsquo;inscription pour connaitre les modes de r\u00e8glements accept\u00e9s pour chaque formation.\u00a0<\/p><\/div>\n\t\t\t\t<\/div>\n\t\t\t\t\t\t\t\t\t\t<script type=\"application\/ld+json\">{\"@context\":\"https:\\\/\\\/schema.org\",\"@type\":\"FAQPage\",\"mainEntity\":[{\"@type\":\"Question\",\"name\":\"Puis-je r\\u00e9gler la formation en plusieurs fois ?\",\"acceptedAnswer\":{\"@type\":\"Answer\",\"text\":\"<p>En effet vous pouvez r\\u00e9gler la formation en 10 fois sans frais par virement ou pr\\u00e9l\\u00e8vement uniquement. Les r\\u00e8glements se font tous les 15 du mois du 15 septembre au 15 juin. Si vous vous inscrivez apr\\u00e8s le 15 septembre les premi\\u00e8res mensualit\\u00e9s sont dues au d\\u00e9marrage de la formation.\\u00a0<\\\/p>\\n<p>Par exemple : Vous d\\u00e9marrez la formation au 19 octobre. Vous devrez r\\u00e9gler les frais d&rsquo;inscription + la mensualit\\u00e9 du 15 septembre + la mensualit\\u00e9 du 15 octobre.<\\\/p>\"}},{\"@type\":\"Question\",\"name\":\"Quels sont les moyens de paiement accept\\u00e9s\",\"acceptedAnswer\":{\"@type\":\"Answer\",\"text\":\"<p>Nous acceptons les r\\u00e8glements par ch\\u00e8que, esp\\u00e8ce, carte bancaire, virement et pr\\u00e9l\\u00e8vement automatique. Se r\\u00e9f\\u00e9rer au bulletin d&rsquo;inscription pour connaitre les modes de r\\u00e8glements accept\\u00e9s pour chaque formation.\\u00a0<\\\/p>\"}}]}<\/script>\n\t\t\t\t\t<\/div>\n\t\t\t\t\t\t<\/div>\n\t\t\t\t<\/div>\n\t\t\t\t<div class=\"elementor-element elementor-element-819c52e elementor-widget elementor-widget-spacer\" data-id=\"819c52e\" data-element_type=\"widget\" data-widget_type=\"spacer.default\">\n\t\t\t\t<div class=\"elementor-widget-container\">\n\t\t\t\t\t\t\t<div class=\"elementor-spacer\">\n\t\t\t<div class=\"elementor-spacer-inner\"><\/div>\n\t\t<\/div>\n\t\t\t\t\t\t<\/div>\n\t\t\t\t<\/div>\n\t\t\t\t\t<\/div>\n\t\t<\/div>\n\t\t\t\t\t<\/div>\n\t\t<\/section>\n\t\t\t\t<\/div>\n\t\t","protected":false},"excerpt":{"rendered":"<p>Formation Puis-je suivre la formation tout en ayant une activit\u00e9 salari\u00e9e ? Oui, \u00e9tant donn\u00e9 que nos cours sont dispens\u00e9s les week-end, nos formations sont parfaitement compatibles avec une activit\u00e9 salari\u00e9e \u00e0 temps plein. La majorit\u00e9 de nos apprenants ont une activit\u00e9 salari\u00e9e en parall\u00e8le de nos formations. Toutefois nos formations n\u00e9cessitent un certain investissement [&hellip;]<\/p>\n","protected":false},"author":2,"featured_media":0,"parent":0,"menu_order":0,"comment_status":"closed","ping_status":"closed","template":"","meta":{"ocean_post_layout":"","ocean_both_sidebars_style":"","ocean_both_sidebars_content_width":0,"ocean_both_sidebars_sidebars_width":0,"ocean_sidebar":"","ocean_second_sidebar":"","ocean_disable_margins":"enable","ocean_add_body_class":"","ocean_shortcode_before_top_bar":"","ocean_shortcode_after_top_bar":"","ocean_shortcode_before_header":"","ocean_shortcode_after_header":"","ocean_has_shortcode":"","ocean_shortcode_after_title":"","ocean_shortcode_before_footer_widgets":"","ocean_shortcode_after_footer_widgets":"","ocean_shortcode_before_footer_bottom":"","ocean_shortcode_after_footer_bottom":"","ocean_display_top_bar":"default","ocean_display_header":"default","ocean_header_style":"","ocean_center_header_left_menu":"","ocean_custom_header_template":"","ocean_custom_logo":0,"ocean_custom_retina_logo":0,"ocean_custom_logo_max_width":0,"ocean_custom_logo_tablet_max_width":0,"ocean_custom_logo_mobile_max_width":0,"ocean_custom_logo_max_height":0,"ocean_custom_logo_tablet_max_height":0,"ocean_custom_logo_mobile_max_height":0,"ocean_header_custom_menu":"","ocean_menu_typo_font_family":"","ocean_menu_typo_font_subset":"","ocean_menu_typo_font_size":0,"ocean_menu_typo_font_size_tablet":0,"ocean_menu_typo_font_size_mobile":0,"ocean_menu_typo_font_size_unit":"px","ocean_menu_typo_font_weight":"","ocean_menu_typo_font_weight_tablet":"","ocean_menu_typo_font_weight_mobile":"","ocean_menu_typo_transform":"","ocean_menu_typo_transform_tablet":"","ocean_menu_typo_transform_mobile":"","ocean_menu_typo_line_height":0,"ocean_menu_typo_line_height_tablet":0,"ocean_menu_typo_line_height_mobile":0,"ocean_menu_typo_line_height_unit":"","ocean_menu_typo_spacing":0,"ocean_menu_typo_spacing_tablet":0,"ocean_menu_typo_spacing_mobile":0,"ocean_menu_typo_spacing_unit":"","ocean_menu_link_color":"","ocean_menu_link_color_hover":"","ocean_menu_link_color_active":"","ocean_menu_link_background":"","ocean_menu_link_hover_background":"","ocean_menu_link_active_background":"","ocean_menu_social_links_bg":"","ocean_menu_social_hover_links_bg":"","ocean_menu_social_links_color":"","ocean_menu_social_hover_links_color":"","ocean_disable_title":"default","ocean_disable_heading":"default","ocean_post_title":"","ocean_post_subheading":"","ocean_post_title_style":"","ocean_post_title_background_color":"","ocean_post_title_background":0,"ocean_post_title_bg_image_position":"","ocean_post_title_bg_image_attachment":"","ocean_post_title_bg_image_repeat":"","ocean_post_title_bg_image_size":"","ocean_post_title_height":0,"ocean_post_title_bg_overlay":0.5,"ocean_post_title_bg_overlay_color":"","ocean_disable_breadcrumbs":"default","ocean_breadcrumbs_color":"","ocean_breadcrumbs_separator_color":"","ocean_breadcrumbs_links_color":"","ocean_breadcrumbs_links_hover_color":"","ocean_display_footer_widgets":"default","ocean_display_footer_bottom":"default","ocean_custom_footer_template":"","footnotes":""},"class_list":["post-1282","page","type-page","status-publish","hentry","entry","owp-thumbs-layout-horizontal","owp-btn-normal","owp-tabs-layout-horizontal","has-no-thumbnails","has-product-nav","circle-sale"],"yoast_head":"<!-- This site is optimized with the Yoast SEO plugin v25.4 - https:\/\/yoast.com\/wordpress\/plugins\/seo\/ -->\n<title>F.A.Q. - FLETC<\/title>\n<meta name=\"robots\" content=\"noindex, nofollow\" \/>\n<meta property=\"og:locale\" content=\"fr_FR\" \/>\n<meta property=\"og:type\" content=\"article\" \/>\n<meta property=\"og:title\" content=\"F.A.Q. - FLETC\" \/>\n<meta property=\"og:description\" content=\"Formation Puis-je suivre la formation tout en ayant une activit\u00e9 salari\u00e9e ? Oui, \u00e9tant donn\u00e9 que nos cours sont dispens\u00e9s les week-end, nos formations sont parfaitement compatibles avec une activit\u00e9 salari\u00e9e \u00e0 temps plein. La majorit\u00e9 de nos apprenants ont une activit\u00e9 salari\u00e9e en parall\u00e8le de nos formations. Toutefois nos formations n\u00e9cessitent un certain investissement [&hellip;]\" \/>\n<meta property=\"og:url\" content=\"https:\/\/dev.fletc.fr\/index.php\/f-a-q\/\" \/>\n<meta property=\"og:site_name\" content=\"FLETC\" \/>\n<meta property=\"article:publisher\" content=\"https:\/\/www.facebook.com\/FletcEcole\" \/>\n<meta property=\"article:modified_time\" content=\"2024-07-08T09:42:06+00:00\" \/>\n<meta name=\"twitter:card\" content=\"summary_large_image\" \/>\n<meta name=\"twitter:label1\" content=\"Dur\u00e9e de lecture estim\u00e9e\" \/>\n\t<meta name=\"twitter:data1\" content=\"3 minutes\" \/>\n<script type=\"application\/ld+json\" class=\"yoast-schema-graph\">{\"@context\":\"https:\/\/schema.org\",\"@graph\":[{\"@type\":\"WebPage\",\"@id\":\"https:\/\/dev.fletc.fr\/index.php\/f-a-q\/\",\"url\":\"https:\/\/dev.fletc.fr\/index.php\/f-a-q\/\",\"name\":\"F.A.Q. - FLETC\",\"isPartOf\":{\"@id\":\"https:\/\/dev.fletc.fr\/#website\"},\"datePublished\":\"2024-03-17T09:16:55+00:00\",\"dateModified\":\"2024-07-08T09:42:06+00:00\",\"breadcrumb\":{\"@id\":\"https:\/\/dev.fletc.fr\/index.php\/f-a-q\/#breadcrumb\"},\"inLanguage\":\"fr-FR\",\"potentialAction\":[{\"@type\":\"ReadAction\",\"target\":[\"https:\/\/dev.fletc.fr\/index.php\/f-a-q\/\"]}]},{\"@type\":\"BreadcrumbList\",\"@id\":\"https:\/\/dev.fletc.fr\/index.php\/f-a-q\/#breadcrumb\",\"itemListElement\":[{\"@type\":\"ListItem\",\"position\":1,\"name\":\"Accueil\",\"item\":\"https:\/\/dev.fletc.fr\/\"},{\"@type\":\"ListItem\",\"position\":2,\"name\":\"F.A.Q.\"}]},{\"@type\":\"WebSite\",\"@id\":\"https:\/\/dev.fletc.fr\/#website\",\"url\":\"https:\/\/dev.fletc.fr\/\",\"name\":\"FLETC\",\"description\":\"\",\"publisher\":{\"@id\":\"https:\/\/dev.fletc.fr\/#organization\"},\"potentialAction\":[{\"@type\":\"SearchAction\",\"target\":{\"@type\":\"EntryPoint\",\"urlTemplate\":\"https:\/\/dev.fletc.fr\/?s={search_term_string}\"},\"query-input\":{\"@type\":\"PropertyValueSpecification\",\"valueRequired\":true,\"valueName\":\"search_term_string\"}}],\"inLanguage\":\"fr-FR\"},{\"@type\":\"Organization\",\"@id\":\"https:\/\/dev.fletc.fr\/#organization\",\"name\":\"FLETC\",\"url\":\"https:\/\/dev.fletc.fr\/\",\"logo\":{\"@type\":\"ImageObject\",\"inLanguage\":\"fr-FR\",\"@id\":\"https:\/\/dev.fletc.fr\/#\/schema\/logo\/image\/\",\"url\":\"https:\/\/dev.fletc.fr\/wp-content\/uploads\/2023\/03\/LOGOFL_FLETC.jpg\",\"contentUrl\":\"https:\/\/dev.fletc.fr\/wp-content\/uploads\/2023\/03\/LOGOFL_FLETC.jpg\",\"width\":490,\"height\":736,\"caption\":\"FLETC\"},\"image\":{\"@id\":\"https:\/\/dev.fletc.fr\/#\/schema\/logo\/image\/\"},\"sameAs\":[\"https:\/\/www.facebook.com\/FletcEcole\",\"https:\/\/www.instagram.com\/fletc.mtc\/\",\"https:\/\/www.youtube.com\/@fletc-facultelibredenerget5646\",\"https:\/\/www.linkedin.com\/company\/fletc\"]}]}<\/script>\n<!-- \/ Yoast SEO plugin. -->","yoast_head_json":{"title":"F.A.Q. - FLETC","robots":{"index":"noindex","follow":"nofollow"},"og_locale":"fr_FR","og_type":"article","og_title":"F.A.Q. - FLETC","og_description":"Formation Puis-je suivre la formation tout en ayant une activit\u00e9 salari\u00e9e ? Oui, \u00e9tant donn\u00e9 que nos cours sont dispens\u00e9s les week-end, nos formations sont parfaitement compatibles avec une activit\u00e9 salari\u00e9e \u00e0 temps plein. La majorit\u00e9 de nos apprenants ont une activit\u00e9 salari\u00e9e en parall\u00e8le de nos formations. Toutefois nos formations n\u00e9cessitent un certain investissement [&hellip;]","og_url":"https:\/\/dev.fletc.fr\/index.php\/f-a-q\/","og_site_name":"FLETC","article_publisher":"https:\/\/www.facebook.com\/FletcEcole","article_modified_time":"2024-07-08T09:42:06+00:00","twitter_card":"summary_large_image","twitter_misc":{"Dur\u00e9e de lecture estim\u00e9e":"3 minutes"},"schema":{"@context":"https:\/\/schema.org","@graph":[{"@type":"WebPage","@id":"https:\/\/dev.fletc.fr\/index.php\/f-a-q\/","url":"https:\/\/dev.fletc.fr\/index.php\/f-a-q\/","name":"F.A.Q. - FLETC","isPartOf":{"@id":"https:\/\/dev.fletc.fr\/#website"},"datePublished":"2024-03-17T09:16:55+00:00","dateModified":"2024-07-08T09:42:06+00:00","breadcrumb":{"@id":"https:\/\/dev.fletc.fr\/index.php\/f-a-q\/#breadcrumb"},"inLanguage":"fr-FR","potentialAction":[{"@type":"ReadAction","target":["https:\/\/dev.fletc.fr\/index.php\/f-a-q\/"]}]},{"@type":"BreadcrumbList","@id":"https:\/\/dev.fletc.fr\/index.php\/f-a-q\/#breadcrumb","itemListElement":[{"@type":"ListItem","position":1,"name":"Accueil","item":"https:\/\/dev.fletc.fr\/"},{"@type":"ListItem","position":2,"name":"F.A.Q."}]},{"@type":"WebSite","@id":"https:\/\/dev.fletc.fr\/#website","url":"https:\/\/dev.fletc.fr\/","name":"FLETC","description":"","publisher":{"@id":"https:\/\/dev.fletc.fr\/#organization"},"potentialAction":[{"@type":"SearchAction","target":{"@type":"EntryPoint","urlTemplate":"https:\/\/dev.fletc.fr\/?s={search_term_string}"},"query-input":{"@type":"PropertyValueSpecification","valueRequired":true,"valueName":"search_term_string"}}],"inLanguage":"fr-FR"},{"@type":"Organization","@id":"https:\/\/dev.fletc.fr\/#organization","name":"FLETC","url":"https:\/\/dev.fletc.fr\/","logo":{"@type":"ImageObject","inLanguage":"fr-FR","@id":"https:\/\/dev.fletc.fr\/#\/schema\/logo\/image\/","url":"https:\/\/dev.fletc.fr\/wp-content\/uploads\/2023\/03\/LOGOFL_FLETC.jpg","contentUrl":"https:\/\/dev.fletc.fr\/wp-content\/uploads\/2023\/03\/LOGOFL_FLETC.jpg","width":490,"height":736,"caption":"FLETC"},"image":{"@id":"https:\/\/dev.fletc.fr\/#\/schema\/logo\/image\/"},"sameAs":["https:\/\/www.facebook.com\/FletcEcole","https:\/\/www.instagram.com\/fletc.mtc\/","https:\/\/www.youtube.com\/@fletc-facultelibredenerget5646","https:\/\/www.linkedin.com\/company\/fletc"]}]}},"_links":{"self":[{"href":"https:\/\/dev.fletc.fr\/index.php\/wp-json\/wp\/v2\/pages\/1282","targetHints":{"allow":["GET"]}}],"collection":[{"href":"https:\/\/dev.fletc.fr\/index.php\/wp-json\/wp\/v2\/pages"}],"about":[{"href":"https:\/\/dev.fletc.fr\/index.php\/wp-json\/wp\/v2\/types\/page"}],"author":[{"embeddable":true,"href":"https:\/\/dev.fletc.fr\/index.php\/wp-json\/wp\/v2\/users\/2"}],"replies":[{"embeddable":true,"href":"https:\/\/dev.fletc.fr\/index.php\/wp-json\/wp\/v2\/comments?post=1282"}],"version-history":[{"count":29,"href":"https:\/\/dev.fletc.fr\/index.php\/wp-json\/wp\/v2\/pages\/1282\/revisions"}],"predecessor-version":[{"id":1632,"href":"https:\/\/dev.fletc.fr\/index.php\/wp-json\/wp\/v2\/pages\/1282\/revisions\/1632"}],"wp:attachment":[{"href":"https:\/\/dev.fletc.fr\/index.php\/wp-json\/wp\/v2\/media?parent=1282"}],"curies":[{"name":"wp","href":"https:\/\/api.w.org\/{rel}","templated":true}]}}